{"id":314,"date":"2019-07-04T12:09:30","date_gmt":"2019-07-04T10:09:30","guid":{"rendered":"https:\/\/dev.petithanb.be\/moc\/ciep-verviers\/?post_type=pec-events&#038;p=314"},"modified":"2019-07-04T12:11:10","modified_gmt":"2019-07-04T10:11:10","slug":"cine-club-de-films-engages","status":"publish","type":"pec-events","link":"https:\/\/mocliege.be\/ciep-verviers\/pec-events\/cine-club-de-films-engages\/","title":{"rendered":"Cin\u00e9-Club de films engag\u00e9s"},"content":{"rendered":"<p><b>Deuxi\u00e8me R\u00e9union du cin\u00e9-club de films engag\u00e9s\u00a0!<\/b><\/p>\n<p>Tu aimes le cin\u00e9ma documentaire social et politique\u00a0? Tu souhaites t\u2019investir dans un chouette projet\u00a0? Tu es juste curieux et tu voudrais en savoir plus\u00a0? Viens \u00e0 la s\u00e9ance d\u2019information du\u00a0cin\u00e9-club le jeudi 22 ao\u00fbt \u00e0 17H30 !<\/p>\n<p><b>Le concept<\/b><\/p>\n<p>Une fois par mois les membres du groupe se r\u00e9uniront pour discuter des th\u00e9matiques qui les interpellent. Ensuite, un film sera s\u00e9lectionn\u00e9 en lien avec la th\u00e9matique.<\/p>\n<p>Le mois suivant le film sera propos\u00e9 au grand public, la projection sera suivie d\u2019un \u00e9change. Les projections seront ouvertes \u00e0 tou.te.s. Les s\u00e9ances du cin\u00e9-club auront lieu \u00e0 Verviers ou dans l\u2019arrondissement\u2026..en salle ou en plein air (si le temps le permet)\u00a0! Ce cin\u00e9-club se veut un lieu d\u2019\u00e9change, convivial ouvert \u00e0 tou.te.s.<\/p>\n<p><b>Int\u00e9ress\u00e9.e.s ?<\/b><\/p>\n<p>Si tu es int\u00e9ress\u00e9.e, tu peux venir \u00e0 une s\u00e9ance d\u2019information\u00a0<strong>le jeudi 22 ao\u00fbt<\/strong><strong>\u00a0\u00e0 17h30 au CIEP de Verviers<\/strong>\u00a0(Rue du Palais 25, 4800 Verviers). Si tu n\u2019es pas l\u00e0, n\u2019h\u00e9site pas \u00e0 nous envoyer un message ou nous t\u00e9l\u00e9phoner pour marquer ton int\u00e9r\u00eat\u00a0! Nous comptons organiser d\u2019autres r\u00e9unions les prochains mois et lancer le cin\u00e9-club en sept\/oct 2019 !<\/p>\n<p><strong>Infos et Inscriptions:<\/strong><\/p>\n<p>caroline.baudoin@mocverviers.be ou info@mocverviers.be<\/p>\n<p>T\u00e9l : 087\/33.77.07<\/p>\n","protected":false},"author":2,"featured_media":0,"comment_status":"open","ping_status":"closed","template":"","tags":[],"pec_events_category":[],"acf":[],"yoast_head":"<!-- This site is optimized with the Yoast SEO plugin v19.14 - https:\/\/yoast.com\/wordpress\/plugins\/seo\/ -->\n<title>Cin\u00e9-Club de films engag\u00e9s - Ciep-verviers<\/title>\n<meta name=\"robots\" content=\"index, follow, max-snippet:-1, max-image-preview:large, max-video-preview:-1\" \/>\n<link rel=\"canonical\" href=\"https:\/\/mocliege.be\/ciep-verviers\/pec-events\/cine-club-de-films-engages\/\" \/>\n<meta property=\"og:locale\" content=\"fr_FR\" \/>\n<meta property=\"og:type\" content=\"article\" \/>\n<meta property=\"og:title\" content=\"Cin\u00e9-Club de films engag\u00e9s - Ciep-verviers\" \/>\n<meta property=\"og:description\" content=\"Deuxi\u00e8me R\u00e9union du cin\u00e9-club de films engag\u00e9s\u00a0! Tu aimes le cin\u00e9ma documentaire social et politique\u00a0? [&hellip;]\" \/>\n<meta property=\"og:url\" content=\"https:\/\/mocliege.be\/ciep-verviers\/pec-events\/cine-club-de-films-engages\/\" \/>\n<meta property=\"og:site_name\" content=\"Ciep-verviers\" \/>\n<meta property=\"article:modified_time\" content=\"2019-07-04T10:11:10+00:00\" \/>\n<meta name=\"twitter:card\" content=\"summary_large_image\" \/>\n<meta name=\"twitter:label1\" content=\"Dur\u00e9e de lecture estim\u00e9e\" \/>\n\t<meta name=\"twitter:data1\" content=\"1 minute\" \/>\n<script type=\"application\/ld+json\" class=\"yoast-schema-graph\">{\"@context\":\"https:\/\/schema.org\",\"@graph\":[{\"@type\":\"WebPage\",\"@id\":\"https:\/\/mocliege.be\/ciep-verviers\/pec-events\/cine-club-de-films-engages\/\",\"url\":\"https:\/\/mocliege.be\/ciep-verviers\/pec-events\/cine-club-de-films-engages\/\",\"name\":\"Cin\u00e9-Club de films engag\u00e9s - Ciep-verviers\",\"isPartOf\":{\"@id\":\"https:\/\/mocliege.be\/ciep-verviers\/#website\"},\"datePublished\":\"2019-07-04T10:09:30+00:00\",\"dateModified\":\"2019-07-04T10:11:10+00:00\",\"breadcrumb\":{\"@id\":\"https:\/\/mocliege.be\/ciep-verviers\/pec-events\/cine-club-de-films-engages\/#breadcrumb\"},\"inLanguage\":\"fr-FR\",\"potentialAction\":[{\"@type\":\"ReadAction\",\"target\":[\"https:\/\/mocliege.be\/ciep-verviers\/pec-events\/cine-club-de-films-engages\/\"]}]},{\"@type\":\"BreadcrumbList\",\"@id\":\"https:\/\/mocliege.be\/ciep-verviers\/pec-events\/cine-club-de-films-engages\/#breadcrumb\",\"itemListElement\":[{\"@type\":\"ListItem\",\"position\":1,\"name\":\"Accueil\",\"item\":\"https:\/\/mocliege.be\/ciep-verviers\/\"},{\"@type\":\"ListItem\",\"position\":2,\"name\":\"Pro Event Calendar\",\"item\":\"https:\/\/mocliege.be\/ciep-verviers\/pec-events\/\"},{\"@type\":\"ListItem\",\"position\":3,\"name\":\"Cin\u00e9-Club de films engag\u00e9s\"}]},{\"@type\":\"WebSite\",\"@id\":\"https:\/\/mocliege.be\/ciep-verviers\/#website\",\"url\":\"https:\/\/mocliege.be\/ciep-verviers\/\",\"name\":\"Ciep-verviers\",\"description\":\"Un site utilisant Sites du MOC - Li\u00e8ge\",\"potentialAction\":[{\"@type\":\"SearchAction\",\"target\":{\"@type\":\"EntryPoint\",\"urlTemplate\":\"https:\/\/mocliege.be\/ciep-verviers\/?s={search_term_string}\"},\"query-input\":\"required name=search_term_string\"}],\"inLanguage\":\"fr-FR\"}]}<\/script>\n<!-- \/ Yoast SEO plugin. -->","yoast_head_json":{"title":"Cin\u00e9-Club de films engag\u00e9s - Ciep-verviers","robots":{"index":"index","follow":"follow","max-snippet":"max-snippet:-1","max-image-preview":"max-image-preview:large","max-video-preview":"max-video-preview:-1"},"canonical":"https:\/\/mocliege.be\/ciep-verviers\/pec-events\/cine-club-de-films-engages\/","og_locale":"fr_FR","og_type":"article","og_title":"Cin\u00e9-Club de films engag\u00e9s - Ciep-verviers","og_description":"Deuxi\u00e8me R\u00e9union du cin\u00e9-club de films engag\u00e9s\u00a0! Tu aimes le cin\u00e9ma documentaire social et politique\u00a0? [&hellip;]","og_url":"https:\/\/mocliege.be\/ciep-verviers\/pec-events\/cine-club-de-films-engages\/","og_site_name":"Ciep-verviers","article_modified_time":"2019-07-04T10:11:10+00:00","twitter_card":"summary_large_image","twitter_misc":{"Dur\u00e9e de lecture estim\u00e9e":"1 minute"},"schema":{"@context":"https:\/\/schema.org","@graph":[{"@type":"WebPage","@id":"https:\/\/mocliege.be\/ciep-verviers\/pec-events\/cine-club-de-films-engages\/","url":"https:\/\/mocliege.be\/ciep-verviers\/pec-events\/cine-club-de-films-engages\/","name":"Cin\u00e9-Club de films engag\u00e9s - Ciep-verviers","isPartOf":{"@id":"https:\/\/mocliege.be\/ciep-verviers\/#website"},"datePublished":"2019-07-04T10:09:30+00:00","dateModified":"2019-07-04T10:11:10+00:00","breadcrumb":{"@id":"https:\/\/mocliege.be\/ciep-verviers\/pec-events\/cine-club-de-films-engages\/#breadcrumb"},"inLanguage":"fr-FR","potentialAction":[{"@type":"ReadAction","target":["https:\/\/mocliege.be\/ciep-verviers\/pec-events\/cine-club-de-films-engages\/"]}]},{"@type":"BreadcrumbList","@id":"https:\/\/mocliege.be\/ciep-verviers\/pec-events\/cine-club-de-films-engages\/#breadcrumb","itemListElement":[{"@type":"ListItem","position":1,"name":"Accueil","item":"https:\/\/mocliege.be\/ciep-verviers\/"},{"@type":"ListItem","position":2,"name":"Pro Event Calendar","item":"https:\/\/mocliege.be\/ciep-verviers\/pec-events\/"},{"@type":"ListItem","position":3,"name":"Cin\u00e9-Club de films engag\u00e9s"}]},{"@type":"WebSite","@id":"https:\/\/mocliege.be\/ciep-verviers\/#website","url":"https:\/\/mocliege.be\/ciep-verviers\/","name":"Ciep-verviers","description":"Un site utilisant Sites du MOC - Li\u00e8ge","potentialAction":[{"@type":"SearchAction","target":{"@type":"EntryPoint","urlTemplate":"https:\/\/mocliege.be\/ciep-verviers\/?s={search_term_string}"},"query-input":"required name=search_term_string"}],"inLanguage":"fr-FR"}]}},"pec_date":"2019-08-22 17:30:00","pec_venue_map_lnlat":"","pec_featured_image":"","pec_id_calendar":"1","pec_featured_event":"","pec_all_day":"","pec_tbc":"","pec_daily_working_days":"","pec_daily_every":"1","pec_weekly_every":"1","pec_weekly_day":"","pec_monthly_every":"1","pec_monthly_position":"","pec_monthly_day":"","pec_exceptions":"","pec_extra_dates":"","pec_end_date":"","pec_link":"","pec_age_range":"","pec_map":"","pec_end_time_hh":"","pec_end_time_mm":"","pec_hide_time":"","pec_organizer":"","pec_phone":"","pec_recurring_frecuency":"0","pec_location":"","_links":{"self":[{"href":"https:\/\/mocliege.be\/ciep-verviers\/wp-json\/wp\/v2\/pec-events\/314"}],"collection":[{"href":"https:\/\/mocliege.be\/ciep-verviers\/wp-json\/wp\/v2\/pec-events"}],"about":[{"href":"https:\/\/mocliege.be\/ciep-verviers\/wp-json\/wp\/v2\/types\/pec-events"}],"author":[{"embeddable":true,"href":"https:\/\/mocliege.be\/ciep-verviers\/wp-json\/wp\/v2\/users\/2"}],"replies":[{"embeddable":true,"href":"https:\/\/mocliege.be\/ciep-verviers\/wp-json\/wp\/v2\/comments?post=314"}],"wp:attachment":[{"href":"https:\/\/mocliege.be\/ciep-verviers\/wp-json\/wp\/v2\/media?parent=314"}],"wp:term":[{"taxonomy":"post_tag","embeddable":true,"href":"https:\/\/mocliege.be\/ciep-verviers\/wp-json\/wp\/v2\/tags?post=314"},{"taxonomy":"pec_events_category","embeddable":true,"href":"https:\/\/mocliege.be\/ciep-verviers\/wp-json\/wp\/v2\/pec_events_category?post=314"}],"curies":[{"name":"wp","href":"https:\/\/api.w.org\/{rel}","templated":true}]}}