{"id":606,"date":"2019-12-18T10:13:24","date_gmt":"2019-12-18T09:13:24","guid":{"rendered":"https:\/\/mocliege.be\/ciep-verviers\/?post_type=pec-events&#038;p=606"},"modified":"2019-12-18T10:17:03","modified_gmt":"2019-12-18T09:17:03","slug":"porteurs-de-paroles","status":"publish","type":"pec-events","link":"https:\/\/mocliege.be\/ciep-verviers\/pec-events\/porteurs-de-paroles\/","title":{"rendered":"Porteurs de Paroles"},"content":{"rendered":"<h2><strong>\u00ab Porteurs de Paroles \u00bb,\u00a0<em>qu\u00e8saco<\/em>\u00a0?<\/strong><\/h2>\n<p>La m\u00e9thode, cr\u00e9\u00e9e par l\u2019association fran\u00e7aise \u00ab Mati\u00e8re Prise \u00bb, vise \u00e0 r\u00e9unir des avis de passants sur un th\u00e8me d\u00e9termin\u00e9 pr\u00e9alablement. Les porteurs de paroles organis\u00e9e durant le mois de janvier et f\u00e9vrier seront sur les th\u00e8mes du capitalisme, de l&rsquo;\u00e9conomie et de l&#8217;emploi.<br \/>\nInstall\u00e9e dans un endroit fr\u00e9quent\u00e9, l\u2019\u00e9quipe met en place des\u00a0<strong>panneaux color\u00e9s, attractifs<\/strong>, reprenant la question dont elle souhaite traiter.\u00a0<strong>Les passants sont libres de r\u00e9agir\u2026 ou pas !<\/strong><br \/>\nA la fin de la discussion l\u2019animateur synth\u00e9tise, en collaboration avec le citoyen, les propos de ce dernier pour les afficher.<\/p>\n<p>Durant le mois de janvier et f\u00e9vrier, chaque mercredi, les animateurs du CIEP de Verviers utiliseront cette m\u00e9thode au pont aux lions \u00e0 Verviers afin que l&rsquo;espace public redevienne un espace citoyen o\u00f9 les personnes peuvent exprimer leur point de vue.<\/p>\n","protected":false},"author":5,"featured_media":0,"comment_status":"open","ping_status":"closed","template":"","tags":[],"pec_events_category":[],"acf":[],"yoast_head":"<!-- This site is optimized with the Yoast SEO plugin v19.14 - https:\/\/yoast.com\/wordpress\/plugins\/seo\/ -->\n<title>Porteurs de Paroles - Ciep-verviers<\/title>\n<meta name=\"robots\" content=\"index, follow, max-snippet:-1, max-image-preview:large, max-video-preview:-1\" \/>\n<link rel=\"canonical\" href=\"https:\/\/mocliege.be\/ciep-verviers\/pec-events\/porteurs-de-paroles\/\" \/>\n<meta property=\"og:locale\" content=\"fr_FR\" \/>\n<meta property=\"og:type\" content=\"article\" \/>\n<meta property=\"og:title\" content=\"Porteurs de Paroles - Ciep-verviers\" \/>\n<meta property=\"og:description\" content=\"\u00ab Porteurs de Paroles \u00bb,\u00a0qu\u00e8saco\u00a0? La m\u00e9thode, cr\u00e9\u00e9e par l\u2019association fran\u00e7aise \u00ab Mati\u00e8re Prise \u00bb, [&hellip;]\" \/>\n<meta property=\"og:url\" content=\"https:\/\/mocliege.be\/ciep-verviers\/pec-events\/porteurs-de-paroles\/\" \/>\n<meta property=\"og:site_name\" content=\"Ciep-verviers\" \/>\n<meta property=\"article:modified_time\" content=\"2019-12-18T09:17:03+00:00\" \/>\n<meta name=\"twitter:card\" content=\"summary_large_image\" \/>\n<meta name=\"twitter:label1\" content=\"Dur\u00e9e de lecture estim\u00e9e\" \/>\n\t<meta name=\"twitter:data1\" content=\"1 minute\" \/>\n<script type=\"application\/ld+json\" class=\"yoast-schema-graph\">{\"@context\":\"https:\/\/schema.org\",\"@graph\":[{\"@type\":\"WebPage\",\"@id\":\"https:\/\/mocliege.be\/ciep-verviers\/pec-events\/porteurs-de-paroles\/\",\"url\":\"https:\/\/mocliege.be\/ciep-verviers\/pec-events\/porteurs-de-paroles\/\",\"name\":\"Porteurs de Paroles - Ciep-verviers\",\"isPartOf\":{\"@id\":\"https:\/\/mocliege.be\/ciep-verviers\/#website\"},\"datePublished\":\"2019-12-18T09:13:24+00:00\",\"dateModified\":\"2019-12-18T09:17:03+00:00\",\"breadcrumb\":{\"@id\":\"https:\/\/mocliege.be\/ciep-verviers\/pec-events\/porteurs-de-paroles\/#breadcrumb\"},\"inLanguage\":\"fr-FR\",\"potentialAction\":[{\"@type\":\"ReadAction\",\"target\":[\"https:\/\/mocliege.be\/ciep-verviers\/pec-events\/porteurs-de-paroles\/\"]}]},{\"@type\":\"BreadcrumbList\",\"@id\":\"https:\/\/mocliege.be\/ciep-verviers\/pec-events\/porteurs-de-paroles\/#breadcrumb\",\"itemListElement\":[{\"@type\":\"ListItem\",\"position\":1,\"name\":\"Accueil\",\"item\":\"https:\/\/mocliege.be\/ciep-verviers\/\"},{\"@type\":\"ListItem\",\"position\":2,\"name\":\"Pro Event Calendar\",\"item\":\"https:\/\/mocliege.be\/ciep-verviers\/pec-events\/\"},{\"@type\":\"ListItem\",\"position\":3,\"name\":\"Porteurs de Paroles\"}]},{\"@type\":\"WebSite\",\"@id\":\"https:\/\/mocliege.be\/ciep-verviers\/#website\",\"url\":\"https:\/\/mocliege.be\/ciep-verviers\/\",\"name\":\"Ciep-verviers\",\"description\":\"Un site utilisant Sites du MOC - Li\u00e8ge\",\"potentialAction\":[{\"@type\":\"SearchAction\",\"target\":{\"@type\":\"EntryPoint\",\"urlTemplate\":\"https:\/\/mocliege.be\/ciep-verviers\/?s={search_term_string}\"},\"query-input\":\"required name=search_term_string\"}],\"inLanguage\":\"fr-FR\"}]}<\/script>\n<!-- \/ Yoast SEO plugin. -->","yoast_head_json":{"title":"Porteurs de Paroles - Ciep-verviers","robots":{"index":"index","follow":"follow","max-snippet":"max-snippet:-1","max-image-preview":"max-image-preview:large","max-video-preview":"max-video-preview:-1"},"canonical":"https:\/\/mocliege.be\/ciep-verviers\/pec-events\/porteurs-de-paroles\/","og_locale":"fr_FR","og_type":"article","og_title":"Porteurs de Paroles - Ciep-verviers","og_description":"\u00ab Porteurs de Paroles \u00bb,\u00a0qu\u00e8saco\u00a0? La m\u00e9thode, cr\u00e9\u00e9e par l\u2019association fran\u00e7aise \u00ab Mati\u00e8re Prise \u00bb, [&hellip;]","og_url":"https:\/\/mocliege.be\/ciep-verviers\/pec-events\/porteurs-de-paroles\/","og_site_name":"Ciep-verviers","article_modified_time":"2019-12-18T09:17:03+00:00","twitter_card":"summary_large_image","twitter_misc":{"Dur\u00e9e de lecture estim\u00e9e":"1 minute"},"schema":{"@context":"https:\/\/schema.org","@graph":[{"@type":"WebPage","@id":"https:\/\/mocliege.be\/ciep-verviers\/pec-events\/porteurs-de-paroles\/","url":"https:\/\/mocliege.be\/ciep-verviers\/pec-events\/porteurs-de-paroles\/","name":"Porteurs de Paroles - Ciep-verviers","isPartOf":{"@id":"https:\/\/mocliege.be\/ciep-verviers\/#website"},"datePublished":"2019-12-18T09:13:24+00:00","dateModified":"2019-12-18T09:17:03+00:00","breadcrumb":{"@id":"https:\/\/mocliege.be\/ciep-verviers\/pec-events\/porteurs-de-paroles\/#breadcrumb"},"inLanguage":"fr-FR","potentialAction":[{"@type":"ReadAction","target":["https:\/\/mocliege.be\/ciep-verviers\/pec-events\/porteurs-de-paroles\/"]}]},{"@type":"BreadcrumbList","@id":"https:\/\/mocliege.be\/ciep-verviers\/pec-events\/porteurs-de-paroles\/#breadcrumb","itemListElement":[{"@type":"ListItem","position":1,"name":"Accueil","item":"https:\/\/mocliege.be\/ciep-verviers\/"},{"@type":"ListItem","position":2,"name":"Pro Event Calendar","item":"https:\/\/mocliege.be\/ciep-verviers\/pec-events\/"},{"@type":"ListItem","position":3,"name":"Porteurs de Paroles"}]},{"@type":"WebSite","@id":"https:\/\/mocliege.be\/ciep-verviers\/#website","url":"https:\/\/mocliege.be\/ciep-verviers\/","name":"Ciep-verviers","description":"Un site utilisant Sites du MOC - Li\u00e8ge","potentialAction":[{"@type":"SearchAction","target":{"@type":"EntryPoint","urlTemplate":"https:\/\/mocliege.be\/ciep-verviers\/?s={search_term_string}"},"query-input":"required name=search_term_string"}],"inLanguage":"fr-FR"}]}},"pec_date":"2020-01-15 12:00:00","pec_venue_map_lnlat":"","pec_featured_image":"","pec_id_calendar":"1","pec_featured_event":"","pec_all_day":"","pec_tbc":"","pec_daily_working_days":"","pec_daily_every":"1","pec_weekly_every":"1","pec_weekly_day":["3"],"pec_monthly_every":"1","pec_monthly_position":"","pec_monthly_day":"","pec_exceptions":"","pec_extra_dates":"","pec_end_date":"2020-02-19","pec_link":"","pec_age_range":"","pec_map":"","pec_end_time_hh":"15","pec_end_time_mm":"00","pec_hide_time":"","pec_organizer":"","pec_phone":"","pec_recurring_frecuency":"2","pec_location":"","_links":{"self":[{"href":"https:\/\/mocliege.be\/ciep-verviers\/wp-json\/wp\/v2\/pec-events\/606"}],"collection":[{"href":"https:\/\/mocliege.be\/ciep-verviers\/wp-json\/wp\/v2\/pec-events"}],"about":[{"href":"https:\/\/mocliege.be\/ciep-verviers\/wp-json\/wp\/v2\/types\/pec-events"}],"author":[{"embeddable":true,"href":"https:\/\/mocliege.be\/ciep-verviers\/wp-json\/wp\/v2\/users\/5"}],"replies":[{"embeddable":true,"href":"https:\/\/mocliege.be\/ciep-verviers\/wp-json\/wp\/v2\/comments?post=606"}],"wp:attachment":[{"href":"https:\/\/mocliege.be\/ciep-verviers\/wp-json\/wp\/v2\/media?parent=606"}],"wp:term":[{"taxonomy":"post_tag","embeddable":true,"href":"https:\/\/mocliege.be\/ciep-verviers\/wp-json\/wp\/v2\/tags?post=606"},{"taxonomy":"pec_events_category","embeddable":true,"href":"https:\/\/mocliege.be\/ciep-verviers\/wp-json\/wp\/v2\/pec_events_category?post=606"}],"curies":[{"name":"wp","href":"https:\/\/api.w.org\/{rel}","templated":true}]}}