{"id":538,"date":"2019-10-15T17:33:21","date_gmt":"2019-10-15T15:33:21","guid":{"rendered":"https:\/\/mocliege.be\/ciep\/?post_type=pec-events&#038;p=538"},"modified":"2020-02-21T16:54:25","modified_gmt":"2020-02-21T15:54:25","slug":"commission-3eme-age-du-moc-7","status":"publish","type":"pec-events","link":"https:\/\/mocliege.be\/ciep\/pec-events\/commission-3eme-age-du-moc-7\/","title":{"rendered":"CHANGEMENT : Commission 3\u00e8me \u00e2ge du MOC"},"content":{"rendered":"<h3>R\u00e9union de la Commission 3\u00e8me \u00e2ge du MOC<\/h3>\n<h2>Attention : Changement de date &#8211; lundi 16 mars (\u00e0 la place du 9 mars)<\/h2>\n<h4><u>Ordre du jour:<\/u><\/h4>\n<ul>\n<li>Tour d\u2019actualit\u00e9s des CCCA de la Province de Li\u00e8ge<\/li>\n<li>Tour d\u2019actualit\u00e9s des th\u00e9matiques \u00ab Seniors \u00bb travaill\u00e9es par les OC du MOC<\/li>\n<li>Proposition d&rsquo;un th\u00e8me de travail : Lieu de vie et de fin de vie &#8211; entre qualit\u00e9 et conditions de travail<\/li>\n<li>Retour du GT \u00ab une journ\u00e9e \u00e0 l&rsquo;attention des CCCA li\u00e9geois \u00bb<\/li>\n<li>Suivi de la Coordination des Ain\u00e9s du MOC national et du groupe des Ain\u00e9s de Verviers<\/li>\n<li>Congr\u00e8s MOC Li\u00e9ge-Verviers sur l&rsquo;interculturalit\u00e9 : implication des ain\u00e9s<\/li>\n<li>Divers et agenda<\/li>\n<\/ul>\n<p><strong>Lieu :<\/strong> Dans la salle 204 du b\u00e2timent arri\u00e8re de la CSC Li\u00e8ge, Bd Saucy, 10, 4020 Li\u00e8ge (voir tableau)<\/p>\n<p>Un co-voiturage est organis\u00e9 depuis Huy et depuis Verviers pour les personnes qui ont des difficult\u00e9s \u00e0 se d\u00e9placer vers Li\u00e8ge.<\/p>\n<h3>Pour une bonne organisation, merci de pr\u00e9venir Edwine Goldoni : 0483\/22.93.61 \u2013 <a href=\"mailto:goldoni@mocliege.org\">goldoni@mocliege.org<\/a><\/h3>\n","protected":false},"author":10,"featured_media":0,"comment_status":"open","ping_status":"closed","template":"","tags":[],"pec_events_category":[],"acf":[],"yoast_head":"<!-- This site is optimized with the Yoast SEO plugin v19.14 - https:\/\/yoast.com\/wordpress\/plugins\/seo\/ -->\n<title>CHANGEMENT : Commission 3\u00e8me \u00e2ge du MOC - Ciep<\/title>\n<meta name=\"robots\" content=\"index, follow, max-snippet:-1, max-image-preview:large, max-video-preview:-1\" \/>\n<link rel=\"canonical\" href=\"https:\/\/mocliege.be\/ciep\/pec-events\/commission-3eme-age-du-moc-7\/\" \/>\n<meta property=\"og:locale\" content=\"fr_FR\" \/>\n<meta property=\"og:type\" content=\"article\" \/>\n<meta property=\"og:title\" content=\"CHANGEMENT : Commission 3\u00e8me \u00e2ge du MOC - Ciep\" \/>\n<meta property=\"og:description\" content=\"R\u00e9union de la Commission 3\u00e8me \u00e2ge du MOC Attention : Changement de date &#8211; lundi [&hellip;]\" \/>\n<meta property=\"og:url\" content=\"https:\/\/mocliege.be\/ciep\/pec-events\/commission-3eme-age-du-moc-7\/\" \/>\n<meta property=\"og:site_name\" content=\"Ciep\" \/>\n<meta property=\"article:modified_time\" content=\"2020-02-21T15:54:25+00:00\" \/>\n<meta name=\"twitter:card\" content=\"summary_large_image\" \/>\n<meta name=\"twitter:label1\" content=\"Dur\u00e9e de lecture estim\u00e9e\" \/>\n\t<meta name=\"twitter:data1\" content=\"1 minute\" \/>\n<script type=\"application\/ld+json\" class=\"yoast-schema-graph\">{\"@context\":\"https:\/\/schema.org\",\"@graph\":[{\"@type\":\"WebPage\",\"@id\":\"https:\/\/mocliege.be\/ciep\/pec-events\/commission-3eme-age-du-moc-7\/\",\"url\":\"https:\/\/mocliege.be\/ciep\/pec-events\/commission-3eme-age-du-moc-7\/\",\"name\":\"CHANGEMENT : Commission 3\u00e8me \u00e2ge du MOC - Ciep\",\"isPartOf\":{\"@id\":\"https:\/\/mocliege.be\/ciep\/#website\"},\"datePublished\":\"2019-10-15T15:33:21+00:00\",\"dateModified\":\"2020-02-21T15:54:25+00:00\",\"breadcrumb\":{\"@id\":\"https:\/\/mocliege.be\/ciep\/pec-events\/commission-3eme-age-du-moc-7\/#breadcrumb\"},\"inLanguage\":\"fr-FR\",\"potentialAction\":[{\"@type\":\"ReadAction\",\"target\":[\"https:\/\/mocliege.be\/ciep\/pec-events\/commission-3eme-age-du-moc-7\/\"]}]},{\"@type\":\"BreadcrumbList\",\"@id\":\"https:\/\/mocliege.be\/ciep\/pec-events\/commission-3eme-age-du-moc-7\/#breadcrumb\",\"itemListElement\":[{\"@type\":\"ListItem\",\"position\":1,\"name\":\"Accueil\",\"item\":\"https:\/\/mocliege.be\/ciep\/\"},{\"@type\":\"ListItem\",\"position\":2,\"name\":\"Pro Event Calendar\",\"item\":\"https:\/\/mocliege.be\/ciep\/pec-events\/\"},{\"@type\":\"ListItem\",\"position\":3,\"name\":\"CHANGEMENT : Commission 3\u00e8me \u00e2ge du MOC\"}]},{\"@type\":\"WebSite\",\"@id\":\"https:\/\/mocliege.be\/ciep\/#website\",\"url\":\"https:\/\/mocliege.be\/ciep\/\",\"name\":\"Ciep\",\"description\":\"Un site utilisant Sites du MOC - Li\u00e8ge\",\"potentialAction\":[{\"@type\":\"SearchAction\",\"target\":{\"@type\":\"EntryPoint\",\"urlTemplate\":\"https:\/\/mocliege.be\/ciep\/?s={search_term_string}\"},\"query-input\":\"required name=search_term_string\"}],\"inLanguage\":\"fr-FR\"}]}<\/script>\n<!-- \/ Yoast SEO plugin. -->","yoast_head_json":{"title":"CHANGEMENT : Commission 3\u00e8me \u00e2ge du MOC - Ciep","robots":{"index":"index","follow":"follow","max-snippet":"max-snippet:-1","max-image-preview":"max-image-preview:large","max-video-preview":"max-video-preview:-1"},"canonical":"https:\/\/mocliege.be\/ciep\/pec-events\/commission-3eme-age-du-moc-7\/","og_locale":"fr_FR","og_type":"article","og_title":"CHANGEMENT : Commission 3\u00e8me \u00e2ge du MOC - Ciep","og_description":"R\u00e9union de la Commission 3\u00e8me \u00e2ge du MOC Attention : Changement de date &#8211; lundi [&hellip;]","og_url":"https:\/\/mocliege.be\/ciep\/pec-events\/commission-3eme-age-du-moc-7\/","og_site_name":"Ciep","article_modified_time":"2020-02-21T15:54:25+00:00","twitter_card":"summary_large_image","twitter_misc":{"Dur\u00e9e de lecture estim\u00e9e":"1 minute"},"schema":{"@context":"https:\/\/schema.org","@graph":[{"@type":"WebPage","@id":"https:\/\/mocliege.be\/ciep\/pec-events\/commission-3eme-age-du-moc-7\/","url":"https:\/\/mocliege.be\/ciep\/pec-events\/commission-3eme-age-du-moc-7\/","name":"CHANGEMENT : Commission 3\u00e8me \u00e2ge du MOC - Ciep","isPartOf":{"@id":"https:\/\/mocliege.be\/ciep\/#website"},"datePublished":"2019-10-15T15:33:21+00:00","dateModified":"2020-02-21T15:54:25+00:00","breadcrumb":{"@id":"https:\/\/mocliege.be\/ciep\/pec-events\/commission-3eme-age-du-moc-7\/#breadcrumb"},"inLanguage":"fr-FR","potentialAction":[{"@type":"ReadAction","target":["https:\/\/mocliege.be\/ciep\/pec-events\/commission-3eme-age-du-moc-7\/"]}]},{"@type":"BreadcrumbList","@id":"https:\/\/mocliege.be\/ciep\/pec-events\/commission-3eme-age-du-moc-7\/#breadcrumb","itemListElement":[{"@type":"ListItem","position":1,"name":"Accueil","item":"https:\/\/mocliege.be\/ciep\/"},{"@type":"ListItem","position":2,"name":"Pro Event Calendar","item":"https:\/\/mocliege.be\/ciep\/pec-events\/"},{"@type":"ListItem","position":3,"name":"CHANGEMENT : Commission 3\u00e8me \u00e2ge du MOC"}]},{"@type":"WebSite","@id":"https:\/\/mocliege.be\/ciep\/#website","url":"https:\/\/mocliege.be\/ciep\/","name":"Ciep","description":"Un site utilisant Sites du MOC - Li\u00e8ge","potentialAction":[{"@type":"SearchAction","target":{"@type":"EntryPoint","urlTemplate":"https:\/\/mocliege.be\/ciep\/?s={search_term_string}"},"query-input":"required name=search_term_string"}],"inLanguage":"fr-FR"}]}},"pec_date":"2020-03-16 09:30:00","pec_venue_map_lnlat":"","pec_featured_image":"","pec_id_calendar":"1","pec_featured_event":"","pec_all_day":"","pec_tbc":"","pec_daily_working_days":"","pec_daily_every":"1","pec_weekly_every":"1","pec_weekly_day":"","pec_monthly_every":"1","pec_monthly_position":"","pec_monthly_day":"","pec_exceptions":"","pec_extra_dates":"","pec_end_date":"","pec_link":"","pec_age_range":"","pec_map":"","pec_end_time_hh":"","pec_end_time_mm":"","pec_hide_time":"","pec_organizer":"","pec_phone":"","pec_recurring_frecuency":"0","pec_location":"","_links":{"self":[{"href":"https:\/\/mocliege.be\/ciep\/wp-json\/wp\/v2\/pec-events\/538"}],"collection":[{"href":"https:\/\/mocliege.be\/ciep\/wp-json\/wp\/v2\/pec-events"}],"about":[{"href":"https:\/\/mocliege.be\/ciep\/wp-json\/wp\/v2\/types\/pec-events"}],"author":[{"embeddable":true,"href":"https:\/\/mocliege.be\/ciep\/wp-json\/wp\/v2\/users\/10"}],"replies":[{"embeddable":true,"href":"https:\/\/mocliege.be\/ciep\/wp-json\/wp\/v2\/comments?post=538"}],"wp:attachment":[{"href":"https:\/\/mocliege.be\/ciep\/wp-json\/wp\/v2\/media?parent=538"}],"wp:term":[{"taxonomy":"post_tag","embeddable":true,"href":"https:\/\/mocliege.be\/ciep\/wp-json\/wp\/v2\/tags?post=538"},{"taxonomy":"pec_events_category","embeddable":true,"href":"https:\/\/mocliege.be\/ciep\/wp-json\/wp\/v2\/pec_events_category?post=538"}],"curies":[{"name":"wp","href":"https:\/\/api.w.org\/{rel}","templated":true}]}}