{"id":658,"date":"2020-02-21T16:33:32","date_gmt":"2020-02-21T15:33:32","guid":{"rendered":"https:\/\/mocliege.be\/ciep\/?post_type=pec-events&#038;p=658"},"modified":"2020-02-21T16:33:32","modified_gmt":"2020-02-21T15:33:32","slug":"groupe-local-participation-citoyenne-a-seraing","status":"publish","type":"pec-events","link":"https:\/\/mocliege.be\/ciep\/pec-events\/groupe-local-participation-citoyenne-a-seraing\/","title":{"rendered":"Groupe local : Participation citoyenne \u00e0 Seraing"},"content":{"rendered":"<h3>R\u00e9union du groupe de travail : Participation citoyenne \u00e0 Seraing<\/h3>\n<h2><strong>BONNE NOUVELLE<\/strong><\/h2>\n<p>Lors de notre prochaine r\u00e9union, nous rencontrons <strong>Caroline Rolandi <\/strong>autour des actions de participation citoyenne d\u00e9j\u00e0 r\u00e9alis\u00e9es et \u00e0 venir \u00e0 Fl\u00e9malle<\/p>\n<ul>\n<li>Comment pensez-vous la participation citoyenne \u00e0 Fl\u00e9malle ?<\/li>\n<li>D\u2019o\u00f9 est venu l\u2019id\u00e9e d\u2019un budget participatif ? Quels sont les leviers \u00e0 activer ? Comment avoir un budget ? Comment r\u00e9alisez-vous de la consultation populaire ?<\/li>\n<li>Quelles sont vos attentes envers les habitants de la commune de Fl\u00e9malle, le r\u00e9seau associatif ?<\/li>\n<li>Quelles sont vos crit\u00e8res d\u2019une bonne repr\u00e9sentativit\u00e9 d\u2019un groupe, de \u00ab succ\u00e8s \u00bb d\u2019une consultation populaire ?<\/li>\n<li>Avez-vous des conseils pour nous en mati\u00e8re de PC sur Seraing ?<\/li>\n<li>&#8230;..<\/li>\n<\/ul>\n<p>Nous prolongerons avec un moment convivial au Lunch de Fl\u00e9malle pour celles et ceux qui le d\u00e9sirent.<\/p>\n<p><strong>Heure et lieu<\/strong> : 10h \u00e0 l&rsquo;administration communale de Fl\u00e9malle, Grand&rsquo;Route, 287, 4400 Fl\u00e9malle-Haute<\/p>\n<h4>Pour une bonne organisation, merci de pr\u00e9venir Edwine Goldoni de votre pr\u00e9sence : 0483\/22.93.61 \u2013 <a href=\"mailto:goldoni@mocliege.org\">goldoni@mocliege.org<\/a><\/h4>\n","protected":false},"author":10,"featured_media":0,"comment_status":"open","ping_status":"closed","template":"","tags":[],"pec_events_category":[],"acf":[],"yoast_head":"<!-- This site is optimized with the Yoast SEO plugin v19.14 - https:\/\/yoast.com\/wordpress\/plugins\/seo\/ -->\n<title>Groupe local : Participation citoyenne \u00e0 Seraing - Ciep<\/title>\n<meta name=\"robots\" content=\"index, follow, max-snippet:-1, max-image-preview:large, max-video-preview:-1\" \/>\n<link rel=\"canonical\" href=\"https:\/\/mocliege.be\/ciep\/pec-events\/groupe-local-participation-citoyenne-a-seraing\/\" \/>\n<meta property=\"og:locale\" content=\"fr_FR\" \/>\n<meta property=\"og:type\" content=\"article\" \/>\n<meta property=\"og:title\" content=\"Groupe local : Participation citoyenne \u00e0 Seraing - Ciep\" \/>\n<meta property=\"og:description\" content=\"R\u00e9union du groupe de travail : Participation citoyenne \u00e0 Seraing BONNE NOUVELLE Lors de notre [&hellip;]\" \/>\n<meta property=\"og:url\" content=\"https:\/\/mocliege.be\/ciep\/pec-events\/groupe-local-participation-citoyenne-a-seraing\/\" \/>\n<meta property=\"og:site_name\" content=\"Ciep\" \/>\n<meta name=\"twitter:card\" content=\"summary_large_image\" \/>\n<meta name=\"twitter:label1\" content=\"Dur\u00e9e de lecture estim\u00e9e\" \/>\n\t<meta name=\"twitter:data1\" content=\"1 minute\" \/>\n<script type=\"application\/ld+json\" class=\"yoast-schema-graph\">{\"@context\":\"https:\/\/schema.org\",\"@graph\":[{\"@type\":\"WebPage\",\"@id\":\"https:\/\/mocliege.be\/ciep\/pec-events\/groupe-local-participation-citoyenne-a-seraing\/\",\"url\":\"https:\/\/mocliege.be\/ciep\/pec-events\/groupe-local-participation-citoyenne-a-seraing\/\",\"name\":\"Groupe local : Participation citoyenne \u00e0 Seraing - Ciep\",\"isPartOf\":{\"@id\":\"https:\/\/mocliege.be\/ciep\/#website\"},\"datePublished\":\"2020-02-21T15:33:32+00:00\",\"dateModified\":\"2020-02-21T15:33:32+00:00\",\"breadcrumb\":{\"@id\":\"https:\/\/mocliege.be\/ciep\/pec-events\/groupe-local-participation-citoyenne-a-seraing\/#breadcrumb\"},\"inLanguage\":\"fr-FR\",\"potentialAction\":[{\"@type\":\"ReadAction\",\"target\":[\"https:\/\/mocliege.be\/ciep\/pec-events\/groupe-local-participation-citoyenne-a-seraing\/\"]}]},{\"@type\":\"BreadcrumbList\",\"@id\":\"https:\/\/mocliege.be\/ciep\/pec-events\/groupe-local-participation-citoyenne-a-seraing\/#breadcrumb\",\"itemListElement\":[{\"@type\":\"ListItem\",\"position\":1,\"name\":\"Accueil\",\"item\":\"https:\/\/mocliege.be\/ciep\/\"},{\"@type\":\"ListItem\",\"position\":2,\"name\":\"Pro Event Calendar\",\"item\":\"https:\/\/mocliege.be\/ciep\/pec-events\/\"},{\"@type\":\"ListItem\",\"position\":3,\"name\":\"Groupe local : Participation citoyenne \u00e0 Seraing\"}]},{\"@type\":\"WebSite\",\"@id\":\"https:\/\/mocliege.be\/ciep\/#website\",\"url\":\"https:\/\/mocliege.be\/ciep\/\",\"name\":\"Ciep\",\"description\":\"Un site utilisant Sites du MOC - Li\u00e8ge\",\"potentialAction\":[{\"@type\":\"SearchAction\",\"target\":{\"@type\":\"EntryPoint\",\"urlTemplate\":\"https:\/\/mocliege.be\/ciep\/?s={search_term_string}\"},\"query-input\":\"required name=search_term_string\"}],\"inLanguage\":\"fr-FR\"}]}<\/script>\n<!-- \/ Yoast SEO plugin. -->","yoast_head_json":{"title":"Groupe local : Participation citoyenne \u00e0 Seraing - Ciep","robots":{"index":"index","follow":"follow","max-snippet":"max-snippet:-1","max-image-preview":"max-image-preview:large","max-video-preview":"max-video-preview:-1"},"canonical":"https:\/\/mocliege.be\/ciep\/pec-events\/groupe-local-participation-citoyenne-a-seraing\/","og_locale":"fr_FR","og_type":"article","og_title":"Groupe local : Participation citoyenne \u00e0 Seraing - Ciep","og_description":"R\u00e9union du groupe de travail : Participation citoyenne \u00e0 Seraing BONNE NOUVELLE Lors de notre [&hellip;]","og_url":"https:\/\/mocliege.be\/ciep\/pec-events\/groupe-local-participation-citoyenne-a-seraing\/","og_site_name":"Ciep","twitter_card":"summary_large_image","twitter_misc":{"Dur\u00e9e de lecture estim\u00e9e":"1 minute"},"schema":{"@context":"https:\/\/schema.org","@graph":[{"@type":"WebPage","@id":"https:\/\/mocliege.be\/ciep\/pec-events\/groupe-local-participation-citoyenne-a-seraing\/","url":"https:\/\/mocliege.be\/ciep\/pec-events\/groupe-local-participation-citoyenne-a-seraing\/","name":"Groupe local : Participation citoyenne \u00e0 Seraing - Ciep","isPartOf":{"@id":"https:\/\/mocliege.be\/ciep\/#website"},"datePublished":"2020-02-21T15:33:32+00:00","dateModified":"2020-02-21T15:33:32+00:00","breadcrumb":{"@id":"https:\/\/mocliege.be\/ciep\/pec-events\/groupe-local-participation-citoyenne-a-seraing\/#breadcrumb"},"inLanguage":"fr-FR","potentialAction":[{"@type":"ReadAction","target":["https:\/\/mocliege.be\/ciep\/pec-events\/groupe-local-participation-citoyenne-a-seraing\/"]}]},{"@type":"BreadcrumbList","@id":"https:\/\/mocliege.be\/ciep\/pec-events\/groupe-local-participation-citoyenne-a-seraing\/#breadcrumb","itemListElement":[{"@type":"ListItem","position":1,"name":"Accueil","item":"https:\/\/mocliege.be\/ciep\/"},{"@type":"ListItem","position":2,"name":"Pro Event Calendar","item":"https:\/\/mocliege.be\/ciep\/pec-events\/"},{"@type":"ListItem","position":3,"name":"Groupe local : Participation citoyenne \u00e0 Seraing"}]},{"@type":"WebSite","@id":"https:\/\/mocliege.be\/ciep\/#website","url":"https:\/\/mocliege.be\/ciep\/","name":"Ciep","description":"Un site utilisant Sites du MOC - Li\u00e8ge","potentialAction":[{"@type":"SearchAction","target":{"@type":"EntryPoint","urlTemplate":"https:\/\/mocliege.be\/ciep\/?s={search_term_string}"},"query-input":"required name=search_term_string"}],"inLanguage":"fr-FR"}]}},"pec_date":"2020-03-03 10:00:00","pec_venue_map_lnlat":"","pec_featured_image":"","pec_id_calendar":"1","pec_featured_event":"","pec_all_day":"","pec_tbc":"","pec_daily_working_days":"","pec_daily_every":"1","pec_weekly_every":"1","pec_weekly_day":"","pec_monthly_every":"1","pec_monthly_position":"","pec_monthly_day":"","pec_exceptions":"","pec_extra_dates":"","pec_end_date":"","pec_link":"","pec_age_range":"","pec_map":"","pec_end_time_hh":"","pec_end_time_mm":"","pec_hide_time":"","pec_organizer":"","pec_phone":"","pec_recurring_frecuency":"0","pec_location":"","_links":{"self":[{"href":"https:\/\/mocliege.be\/ciep\/wp-json\/wp\/v2\/pec-events\/658"}],"collection":[{"href":"https:\/\/mocliege.be\/ciep\/wp-json\/wp\/v2\/pec-events"}],"about":[{"href":"https:\/\/mocliege.be\/ciep\/wp-json\/wp\/v2\/types\/pec-events"}],"author":[{"embeddable":true,"href":"https:\/\/mocliege.be\/ciep\/wp-json\/wp\/v2\/users\/10"}],"replies":[{"embeddable":true,"href":"https:\/\/mocliege.be\/ciep\/wp-json\/wp\/v2\/comments?post=658"}],"wp:attachment":[{"href":"https:\/\/mocliege.be\/ciep\/wp-json\/wp\/v2\/media?parent=658"}],"wp:term":[{"taxonomy":"post_tag","embeddable":true,"href":"https:\/\/mocliege.be\/ciep\/wp-json\/wp\/v2\/tags?post=658"},{"taxonomy":"pec_events_category","embeddable":true,"href":"https:\/\/mocliege.be\/ciep\/wp-json\/wp\/v2\/pec_events_category?post=658"}],"curies":[{"name":"wp","href":"https:\/\/api.w.org\/{rel}","templated":true}]}}